{"id":37954,"date":"2026-08-29T10:08:02","date_gmt":"2026-08-29T10:08:02","guid":{"rendered":"https:\/\/tierrasdelaveracruz.com\/eventos\/feria-y-fiestas-de-calasparra\/"},"modified":"2026-09-01T10:16:47","modified_gmt":"2026-09-01T10:16:47","slug":"feria-y-fiestas-de-calasparra","status":"publish","type":"evento","link":"https:\/\/tierrasdelaveracruz.com\/de\/eventos\/feria-y-fiestas-de-calasparra\/","title":{"rendered":"Feria y Fiestas de Calasparra"},"content":{"rendered":"<p><strong>Conciertos, humor y grandes espect\u00e1culos de calle<\/strong><\/p>\n<p>El apartado musical contar\u00e1 con dos nombres principales en el cartel de este a\u00f1o: la sevillana Marta Santos, que actuar\u00e1 el domingo 6 de septiembre en el Campo Municipal La Caverina, y David Barrull, que ofrecer\u00e1 su concierto el s\u00e1bado 5 de septiembre en el Auditorio Cine Rosales.<\/p>\n<p>El programa incluye tambi\u00e9n el tributo a Extremoduro de Pedr\u00e1, el 3 de septiembre; el espect\u00e1culo de comedia <em>Grupo de G\u00fcasapp<\/em>, el 4 de septiembre, y una nueva edici\u00f3n del Calasparra Summer Fest, que se celebrar\u00e1 el 29 de agosto.<\/p>\n<p>Las actividades populares y familiares ocupar\u00e1n un lugar destacado en el programa con el Gran Pasacalles de Fantas\u00eda, el Parque Infantil Multiaventura, el espect\u00e1culo para ni\u00f1os del Payaso Tallar\u00edn, el Motoalmuerzo Solidario, el Concurso de Pesca, el espect\u00e1culo ecuestre y la XXVIII edici\u00f3n del Festival Internacional de Folklore &#8222;Villa de Calasparra&#8220;.<\/p>\n<h2><strong>Una feria taurina de referencia<\/strong><\/h2>\n<p>Uno de los grandes ejes de la programaci\u00f3n volver\u00e1 a ser la XXXV Feria Taurina del Arroz, que se celebrar\u00e1 del 3 al 8 de septiembre y que volver\u00e1 a situar a Calasparra en un lugar destacado dentro del calendario taurino nacional.<\/p>\n<p>La edici\u00f3n de 2026 reunir\u00e1 seis novilladas, encierros diarios, el Gran Concurso de Recortadores \u201cVilla de Calasparra\u201d y el Trofeo Espiga de Oro 2026, adem\u00e1s de un amplio calendario de actividades paralelas que incluye preg\u00f3n taurino, exposiciones, tertulias, jornadas de puertas abiertas, aperitivos taurinos y propuestas para acercar la cultura del toro a distintos p\u00fablicos.<\/p>\n<p>Los encierros se celebrar\u00e1n del 3 al 8 de septiembre a las 10:00 horas, mientras que el 30 de agosto tend<\/p>\n","protected":false},"featured_media":37955,"template":"","categories":[],"region_evento":[71],"class_list":["post-37954","evento","type-evento","status-publish","has-post-thumbnail","hentry","region_evento-calasparra"],"acf":[],"_links":{"self":[{"href":"https:\/\/tierrasdelaveracruz.com\/de\/wp-json\/wp\/v2\/evento\/37954","targetHints":{"allow":["GET"]}}],"collection":[{"href":"https:\/\/tierrasdelaveracruz.com\/de\/wp-json\/wp\/v2\/evento"}],"about":[{"href":"https:\/\/tierrasdelaveracruz.com\/de\/wp-json\/wp\/v2\/types\/evento"}],"wp:featuredmedia":[{"embeddable":true,"href":"https:\/\/tierrasdelaveracruz.com\/de\/wp-json\/wp\/v2\/media\/37955"}],"wp:attachment":[{"href":"https:\/\/tierrasdelaveracruz.com\/de\/wp-json\/wp\/v2\/media?parent=37954"}],"wp:term":[{"taxonomy":"category","embeddable":true,"href":"https:\/\/tierrasdelaveracruz.com\/de\/wp-json\/wp\/v2\/categories?post=37954"},{"taxonomy":"region_evento","embeddable":true,"href":"https:\/\/tierrasdelaveracruz.com\/de\/wp-json\/wp\/v2\/region_evento?post=37954"}],"curies":[{"name":"wp","href":"https:\/\/api.w.org\/{rel}","templated":true}]}}